{"id":1615,"date":"2023-03-20T12:02:13","date_gmt":"2023-03-20T11:02:13","guid":{"rendered":"https:\/\/edelweiss-education.ch\/?post_type=camps&#038;p=1615"},"modified":"2026-04-07T00:25:50","modified_gmt":"2026-04-06T22:25:50","slug":"camp-de-leadership-dete-de-champittet","status":"publish","type":"camps","link":"https:\/\/edelweiss-education.ch\/fr\/camps\/champittet-summer-leadership-camp\/","title":{"rendered":"Coll\u00e8ge Champittet - Camp de leadership d'\u00e9t\u00e9"},"featured_media":3747,"template":"","meta":{"site-sidebar-layout":"default","site-content-layout":"default","ast-site-content-layout":"default","site-content-style":"default","site-sidebar-style":"default","ast-global-header-display":"","ast-banner-title-visibility":"","ast-main-header-display":"","ast-hfb-above-header-display":"","ast-hfb-below-header-display":"","ast-hfb-mobile-header-display":"","site-post-title":"","ast-breadcrumbs-content":"","ast-featured-img":"","footer-sml-layout":"","ast-disable-related-posts":"","theme-transparent-header-meta":"default","adv-header-id-meta":"","stick-header-meta":"","header-above-stick-meta":"","header-main-stick-meta":"","header-below-stick-meta":"","astra-migrate-meta-layouts":"set","ast-page-background-enabled":"default","ast-page-background-meta":{"desktop":{"background-color":"var(--ast-global-color-4)","background-image":"","background-repeat":"repeat","background-position":"center center","background-size":"auto","background-attachment":"scroll","background-type":"","background-media":"","overlay-type":"","overlay-color":"","overlay-opacity":"","overlay-gradient":""},"tablet":{"background-color":"","background-image":"","background-repeat":"repeat","background-position":"center center","background-size":"auto","background-attachment":"scroll","background-type":"","background-media":"","overlay-type":"","overlay-color":"","overlay-opacity":"","overlay-gradient":""},"mobile":{"background-color":"","background-image":"","background-repeat":"repeat","background-position":"center center","background-size":"auto","background-attachment":"scroll","background-type":"","background-media":"","overlay-type":"","overlay-color":"","overlay-opacity":"","overlay-gradient":""}},"ast-content-background-meta":{"desktop":{"background-color":"var(--ast-global-color-5)","background-image":"","background-repeat":"repeat","background-position":"center center","background-size":"auto","background-attachment":"scroll","background-type":"","background-media":"","overlay-type":"","overlay-color":"","overlay-opacity":"","overlay-gradient":""},"tablet":{"background-color":"var(--ast-global-color-5)","background-image":"","background-repeat":"repeat","background-position":"center center","background-size":"auto","background-attachment":"scroll","background-type":"","background-media":"","overlay-type":"","overlay-color":"","overlay-opacity":"","overlay-gradient":""},"mobile":{"background-color":"var(--ast-global-color-5)","background-image":"","background-repeat":"repeat","background-position":"center center","background-size":"auto","background-attachment":"scroll","background-type":"","background-media":"","overlay-type":"","overlay-color":"","overlay-opacity":"","overlay-gradient":""}}},"camp-tag":[],"camp-categories":[217],"camp-date":[273],"camp-activities":[156,158,168,162],"camp-location":[246],"camp-languages":[153,154],"type-of-camps":[152,151],"class_list":["post-1615","camps","type-camps","status-publish","has-post-thumbnail","hentry","camp-categories-summer-camps","camp-date-july-2026","camp-activities-adventures","camp-activities-hiking","camp-activities-leadership","camp-activities-leadership-innovation","camp-location-nyon","camp-languages-english","camp-languages-french","type-of-camps-daily","type-of-camps-overnight"],"yoast_head":"<!-- This site is optimized with the Yoast SEO plugin v27.4 - https:\/\/yoast.com\/product\/yoast-seo-wordpress\/ -->\n<title>Coll\u00e8ge Champittet - Summer Leadership Camp - Edelweiss Education<\/title>\n<meta name=\"description\" content=\"Champittet Summer Leadership Camp in Switzerland focuses on developing young leaders through team-building, outdoor challenges, and cultural experiences. It encourages personal growth, responsibility, and global awareness in a supportive setting, making it perfect for ambitious youths ready to enhance their leadership skills and forge lasting friendships.\" \/>\n<meta name=\"robots\" content=\"index, follow, max-snippet:-1, max-image-preview:large, max-video-preview:-1\" \/>\n<link rel=\"canonical\" href=\"https:\/\/edelweiss-education.ch\/fr\/wp-json\/wp\/v2\/camps\/1615\" \/>\n<meta property=\"og:locale\" content=\"fr_FR\" \/>\n<meta property=\"og:type\" content=\"article\" \/>\n<meta property=\"og:title\" content=\"Coll\u00e8ge Champittet - Summer Leadership Camp - Edelweiss Education\" \/>\n<meta property=\"og:description\" content=\"Champittet Summer Leadership Camp in Switzerland focuses on developing young leaders through team-building, outdoor challenges, and cultural experiences. It encourages personal growth, responsibility, and global awareness in a supportive setting, making it perfect for ambitious youths ready to enhance their leadership skills and forge lasting friendships.\" \/>\n<meta property=\"og:url\" content=\"https:\/\/edelweiss-education.ch\/fr\/camps\/camp-de-leadership-dete-de-champittet\/\" \/>\n<meta property=\"og:site_name\" content=\"Edelweiss Education\" \/>\n<meta property=\"article:modified_time\" content=\"2026-04-06T22:25:50+00:00\" \/>\n<meta property=\"og:image\" content=\"https:\/\/edelweiss-education.ch\/wp-content\/uploads\/2023\/03\/Champittet-1-scaled.jpg\" \/>\n\t<meta property=\"og:image:width\" content=\"2560\" \/>\n\t<meta property=\"og:image:height\" content=\"1465\" \/>\n\t<meta property=\"og:image:type\" content=\"image\/jpeg\" \/>\n<meta name=\"twitter:card\" content=\"summary_large_image\" \/>\n<meta name=\"twitter:label1\" content=\"Dur\u00e9e de lecture estim\u00e9e\" \/>\n\t<meta name=\"twitter:data1\" content=\"1 minute\" \/>\n<script type=\"application\/ld+json\" class=\"yoast-schema-graph\">{\"@context\":\"https:\\\/\\\/schema.org\",\"@graph\":[{\"@type\":\"WebPage\",\"@id\":\"https:\\\/\\\/edelweiss-education.ch\\\/camps\\\/champittet-summer-leadership-camp\\\/\",\"url\":\"https:\\\/\\\/edelweiss-education.ch\\\/camps\\\/champittet-summer-leadership-camp\\\/\",\"name\":\"Coll\u00e8ge Champittet - Summer Leadership Camp - Edelweiss Education\",\"isPartOf\":{\"@id\":\"https:\\\/\\\/edelweiss-education.ch\\\/de\\\/#website\"},\"primaryImageOfPage\":{\"@id\":\"https:\\\/\\\/edelweiss-education.ch\\\/camps\\\/champittet-summer-leadership-camp\\\/#primaryimage\"},\"image\":{\"@id\":\"https:\\\/\\\/edelweiss-education.ch\\\/camps\\\/champittet-summer-leadership-camp\\\/#primaryimage\"},\"thumbnailUrl\":\"https:\\\/\\\/edelweiss-education.ch\\\/wp-content\\\/uploads\\\/2023\\\/03\\\/Champittet-1-scaled.jpg\",\"datePublished\":\"2023-03-20T11:02:13+00:00\",\"dateModified\":\"2026-04-06T22:25:50+00:00\",\"description\":\"Champittet Summer Leadership Camp in Switzerland focuses on developing young leaders through team-building, outdoor challenges, and cultural experiences. It encourages personal growth, responsibility, and global awareness in a supportive setting, making it perfect for ambitious youths ready to enhance their leadership skills and forge lasting friendships.\",\"breadcrumb\":{\"@id\":\"https:\\\/\\\/edelweiss-education.ch\\\/camps\\\/champittet-summer-leadership-camp\\\/#breadcrumb\"},\"inLanguage\":\"fr-FR\",\"potentialAction\":[{\"@type\":\"ReadAction\",\"target\":[\"https:\\\/\\\/edelweiss-education.ch\\\/camps\\\/champittet-summer-leadership-camp\\\/\"]}]},{\"@type\":\"ImageObject\",\"inLanguage\":\"fr-FR\",\"@id\":\"https:\\\/\\\/edelweiss-education.ch\\\/camps\\\/champittet-summer-leadership-camp\\\/#primaryimage\",\"url\":\"https:\\\/\\\/edelweiss-education.ch\\\/wp-content\\\/uploads\\\/2023\\\/03\\\/Champittet-1-scaled.jpg\",\"contentUrl\":\"https:\\\/\\\/edelweiss-education.ch\\\/wp-content\\\/uploads\\\/2023\\\/03\\\/Champittet-1-scaled.jpg\",\"width\":2560,\"height\":1465},{\"@type\":\"BreadcrumbList\",\"@id\":\"https:\\\/\\\/edelweiss-education.ch\\\/camps\\\/champittet-summer-leadership-camp\\\/#breadcrumb\",\"itemListElement\":[{\"@type\":\"ListItem\",\"position\":1,\"name\":\"Home\",\"item\":\"https:\\\/\\\/edelweiss-education.ch\\\/\"},{\"@type\":\"ListItem\",\"position\":2,\"name\":\"Camps\",\"item\":\"https:\\\/\\\/edelweiss-education.ch\\\/camps\\\/\"},{\"@type\":\"ListItem\",\"position\":3,\"name\":\"Coll\u00e8ge Champittet &#8211; Summer Leadership Camp\"}]},{\"@type\":\"WebSite\",\"@id\":\"https:\\\/\\\/edelweiss-education.ch\\\/de\\\/#website\",\"url\":\"https:\\\/\\\/edelweiss-education.ch\\\/de\\\/\",\"name\":\"Edelweiss Education\",\"description\":\"Switzerland best schools\",\"publisher\":{\"@id\":\"https:\\\/\\\/edelweiss-education.ch\\\/de\\\/#organization\"},\"potentialAction\":[{\"@type\":\"SearchAction\",\"target\":{\"@type\":\"EntryPoint\",\"urlTemplate\":\"https:\\\/\\\/edelweiss-education.ch\\\/de\\\/?s={search_term_string}\"},\"query-input\":{\"@type\":\"PropertyValueSpecification\",\"valueRequired\":true,\"valueName\":\"search_term_string\"}}],\"inLanguage\":\"fr-FR\"},{\"@type\":\"Organization\",\"@id\":\"https:\\\/\\\/edelweiss-education.ch\\\/de\\\/#organization\",\"name\":\"Edelweiss Education\",\"url\":\"https:\\\/\\\/edelweiss-education.ch\\\/de\\\/\",\"logo\":{\"@type\":\"ImageObject\",\"inLanguage\":\"fr-FR\",\"@id\":\"https:\\\/\\\/edelweiss-education.ch\\\/de\\\/#\\\/schema\\\/logo\\\/image\\\/\",\"url\":\"https:\\\/\\\/edelweiss-education.ch\\\/wp-content\\\/uploads\\\/2023\\\/11\\\/cropped-logo-removebg-preview.png\",\"contentUrl\":\"https:\\\/\\\/edelweiss-education.ch\\\/wp-content\\\/uploads\\\/2023\\\/11\\\/cropped-logo-removebg-preview.png\",\"width\":500,\"height\":276,\"caption\":\"Edelweiss Education\"},\"image\":{\"@id\":\"https:\\\/\\\/edelweiss-education.ch\\\/de\\\/#\\\/schema\\\/logo\\\/image\\\/\"}}]}<\/script>\n<!-- \/ Yoast SEO plugin. -->","yoast_head_json":{"title":"Coll\u00e8ge Champittet - Summer Leadership Camp - Edelweiss Education","description":"Le camp d'\u00e9t\u00e9 Champittet en Suisse se concentre sur le d\u00e9veloppement de jeunes leaders par le biais de la constitution d'\u00e9quipes, de d\u00e9fis en plein air et d'exp\u00e9riences culturelles. Il encourage le d\u00e9veloppement personnel, la responsabilit\u00e9 et la prise de conscience globale dans un cadre favorable, ce qui le rend id\u00e9al pour les jeunes ambitieux pr\u00eats \u00e0 am\u00e9liorer leurs comp\u00e9tences en leadership et \u00e0 forger des amiti\u00e9s durables.","robots":{"index":"index","follow":"follow","max-snippet":"max-snippet:-1","max-image-preview":"max-image-preview:large","max-video-preview":"max-video-preview:-1"},"canonical":"https:\/\/edelweiss-education.ch\/fr\/wp-json\/wp\/v2\/camps\/1615","og_locale":"fr_FR","og_type":"article","og_title":"Coll\u00e8ge Champittet - Summer Leadership Camp - Edelweiss Education","og_description":"Champittet Summer Leadership Camp in Switzerland focuses on developing young leaders through team-building, outdoor challenges, and cultural experiences. It encourages personal growth, responsibility, and global awareness in a supportive setting, making it perfect for ambitious youths ready to enhance their leadership skills and forge lasting friendships.","og_url":"https:\/\/edelweiss-education.ch\/fr\/camps\/camp-de-leadership-dete-de-champittet\/","og_site_name":"Edelweiss Education","article_modified_time":"2026-04-06T22:25:50+00:00","og_image":[{"width":2560,"height":1465,"url":"https:\/\/edelweiss-education.ch\/wp-content\/uploads\/2023\/03\/Champittet-1-scaled.jpg","type":"image\/jpeg"}],"twitter_card":"summary_large_image","twitter_misc":{"Dur\u00e9e de lecture estim\u00e9e":"1 minute"},"schema":{"@context":"https:\/\/schema.org","@graph":[{"@type":"WebPage","@id":"https:\/\/edelweiss-education.ch\/camps\/champittet-summer-leadership-camp\/","url":"https:\/\/edelweiss-education.ch\/camps\/champittet-summer-leadership-camp\/","name":"Coll\u00e8ge Champittet - Summer Leadership Camp - Edelweiss Education","isPartOf":{"@id":"https:\/\/edelweiss-education.ch\/de\/#website"},"primaryImageOfPage":{"@id":"https:\/\/edelweiss-education.ch\/camps\/champittet-summer-leadership-camp\/#primaryimage"},"image":{"@id":"https:\/\/edelweiss-education.ch\/camps\/champittet-summer-leadership-camp\/#primaryimage"},"thumbnailUrl":"https:\/\/edelweiss-education.ch\/wp-content\/uploads\/2023\/03\/Champittet-1-scaled.jpg","datePublished":"2023-03-20T11:02:13+00:00","dateModified":"2026-04-06T22:25:50+00:00","description":"Le camp d'\u00e9t\u00e9 Champittet en Suisse se concentre sur le d\u00e9veloppement de jeunes leaders par le biais de la constitution d'\u00e9quipes, de d\u00e9fis en plein air et d'exp\u00e9riences culturelles. Il encourage le d\u00e9veloppement personnel, la responsabilit\u00e9 et la prise de conscience globale dans un cadre favorable, ce qui le rend id\u00e9al pour les jeunes ambitieux pr\u00eats \u00e0 am\u00e9liorer leurs comp\u00e9tences en leadership et \u00e0 forger des amiti\u00e9s durables.","breadcrumb":{"@id":"https:\/\/edelweiss-education.ch\/camps\/champittet-summer-leadership-camp\/#breadcrumb"},"inLanguage":"fr-FR","potentialAction":[{"@type":"ReadAction","target":["https:\/\/edelweiss-education.ch\/camps\/champittet-summer-leadership-camp\/"]}]},{"@type":"ImageObject","inLanguage":"fr-FR","@id":"https:\/\/edelweiss-education.ch\/camps\/champittet-summer-leadership-camp\/#primaryimage","url":"https:\/\/edelweiss-education.ch\/wp-content\/uploads\/2023\/03\/Champittet-1-scaled.jpg","contentUrl":"https:\/\/edelweiss-education.ch\/wp-content\/uploads\/2023\/03\/Champittet-1-scaled.jpg","width":2560,"height":1465},{"@type":"BreadcrumbList","@id":"https:\/\/edelweiss-education.ch\/camps\/champittet-summer-leadership-camp\/#breadcrumb","itemListElement":[{"@type":"ListItem","position":1,"name":"Home","item":"https:\/\/edelweiss-education.ch\/"},{"@type":"ListItem","position":2,"name":"Camps","item":"https:\/\/edelweiss-education.ch\/camps\/"},{"@type":"ListItem","position":3,"name":"Coll\u00e8ge Champittet &#8211; Summer Leadership Camp"}]},{"@type":"WebSite","@id":"https:\/\/edelweiss-education.ch\/de\/#website","url":"https:\/\/edelweiss-education.ch\/de\/","name":"Edelweiss Education","description":"Les meilleures \u00e9coles de Suisse","publisher":{"@id":"https:\/\/edelweiss-education.ch\/de\/#organization"},"potentialAction":[{"@type":"SearchAction","target":{"@type":"EntryPoint","urlTemplate":"https:\/\/edelweiss-education.ch\/de\/?s={search_term_string}"},"query-input":{"@type":"PropertyValueSpecification","valueRequired":true,"valueName":"search_term_string"}}],"inLanguage":"fr-FR"},{"@type":"Organization","@id":"https:\/\/edelweiss-education.ch\/de\/#organization","name":"Edelweiss Education","url":"https:\/\/edelweiss-education.ch\/de\/","logo":{"@type":"ImageObject","inLanguage":"fr-FR","@id":"https:\/\/edelweiss-education.ch\/de\/#\/schema\/logo\/image\/","url":"https:\/\/edelweiss-education.ch\/wp-content\/uploads\/2023\/11\/cropped-logo-removebg-preview.png","contentUrl":"https:\/\/edelweiss-education.ch\/wp-content\/uploads\/2023\/11\/cropped-logo-removebg-preview.png","width":500,"height":276,"caption":"Edelweiss Education"},"image":{"@id":"https:\/\/edelweiss-education.ch\/de\/#\/schema\/logo\/image\/"}}]}},"_links":{"self":[{"href":"https:\/\/edelweiss-education.ch\/fr\/wp-json\/wp\/v2\/camps\/1615","targetHints":{"allow":["GET"]}}],"collection":[{"href":"https:\/\/edelweiss-education.ch\/fr\/wp-json\/wp\/v2\/camps"}],"about":[{"href":"https:\/\/edelweiss-education.ch\/fr\/wp-json\/wp\/v2\/types\/camps"}],"version-history":[{"count":3,"href":"https:\/\/edelweiss-education.ch\/fr\/wp-json\/wp\/v2\/camps\/1615\/revisions"}],"predecessor-version":[{"id":3761,"href":"https:\/\/edelweiss-education.ch\/fr\/wp-json\/wp\/v2\/camps\/1615\/revisions\/3761"}],"wp:featuredmedia":[{"embeddable":true,"href":"https:\/\/edelweiss-education.ch\/fr\/wp-json\/wp\/v2\/media\/3747"}],"wp:attachment":[{"href":"https:\/\/edelweiss-education.ch\/fr\/wp-json\/wp\/v2\/media?parent=1615"}],"wp:term":[{"taxonomy":"camp-tag","embeddable":true,"href":"https:\/\/edelweiss-education.ch\/fr\/wp-json\/wp\/v2\/camp-tag?post=1615"},{"taxonomy":"camp-categories","embeddable":true,"href":"https:\/\/edelweiss-education.ch\/fr\/wp-json\/wp\/v2\/camp-categories?post=1615"},{"taxonomy":"camp-date","embeddable":true,"href":"https:\/\/edelweiss-education.ch\/fr\/wp-json\/wp\/v2\/camp-date?post=1615"},{"taxonomy":"camp-activities","embeddable":true,"href":"https:\/\/edelweiss-education.ch\/fr\/wp-json\/wp\/v2\/camp-activities?post=1615"},{"taxonomy":"camp-location","embeddable":true,"href":"https:\/\/edelweiss-education.ch\/fr\/wp-json\/wp\/v2\/camp-location?post=1615"},{"taxonomy":"camp-languages","embeddable":true,"href":"https:\/\/edelweiss-education.ch\/fr\/wp-json\/wp\/v2\/camp-languages?post=1615"},{"taxonomy":"type-of-camps","embeddable":true,"href":"https:\/\/edelweiss-education.ch\/fr\/wp-json\/wp\/v2\/type-of-camps?post=1615"}],"curies":[{"name":"wp","href":"https:\/\/api.w.org\/{rel}","templated":true}]}}