{"id":1604,"date":"2023-03-20T11:51:55","date_gmt":"2023-03-20T10:51:55","guid":{"rendered":"https:\/\/edelweiss-education.ch\/?post_type=camps&#038;p=1604"},"modified":"2026-04-07T09:08:24","modified_gmt":"2026-04-07T07:08:24","slug":"camp-dete-cdl","status":"publish","type":"camps","link":"https:\/\/edelweiss-education.ch\/fr\/camps\/cdl-summer-camp\/","title":{"rendered":"Coll\u00e8ge du L\u00e9man - Camps d'\u00e9t\u00e9"},"featured_media":1605,"template":"","meta":{"site-sidebar-layout":"default","site-content-layout":"default","ast-site-content-layout":"default","site-content-style":"default","site-sidebar-style":"default","ast-global-header-display":"","ast-banner-title-visibility":"","ast-main-header-display":"","ast-hfb-above-header-display":"","ast-hfb-below-header-display":"","ast-hfb-mobile-header-display":"","site-post-title":"","ast-breadcrumbs-content":"","ast-featured-img":"","footer-sml-layout":"","ast-disable-related-posts":"","theme-transparent-header-meta":"default","adv-header-id-meta":"","stick-header-meta":"","header-above-stick-meta":"","header-main-stick-meta":"","header-below-stick-meta":"","astra-migrate-meta-layouts":"set","ast-page-background-enabled":"default","ast-page-background-meta":{"desktop":{"background-color":"var(--ast-global-color-4)","background-image":"","background-repeat":"repeat","background-position":"center center","background-size":"auto","background-attachment":"scroll","background-type":"","background-media":"","overlay-type":"","overlay-color":"","overlay-opacity":"","overlay-gradient":""},"tablet":{"background-color":"","background-image":"","background-repeat":"repeat","background-position":"center center","background-size":"auto","background-attachment":"scroll","background-type":"","background-media":"","overlay-type":"","overlay-color":"","overlay-opacity":"","overlay-gradient":""},"mobile":{"background-color":"","background-image":"","background-repeat":"repeat","background-position":"center center","background-size":"auto","background-attachment":"scroll","background-type":"","background-media":"","overlay-type":"","overlay-color":"","overlay-opacity":"","overlay-gradient":""}},"ast-content-background-meta":{"desktop":{"background-color":"var(--ast-global-color-5)","background-image":"","background-repeat":"repeat","background-position":"center center","background-size":"auto","background-attachment":"scroll","background-type":"","background-media":"","overlay-type":"","overlay-color":"","overlay-opacity":"","overlay-gradient":""},"tablet":{"background-color":"var(--ast-global-color-5)","background-image":"","background-repeat":"repeat","background-position":"center center","background-size":"auto","background-attachment":"scroll","background-type":"","background-media":"","overlay-type":"","overlay-color":"","overlay-opacity":"","overlay-gradient":""},"mobile":{"background-color":"var(--ast-global-color-5)","background-image":"","background-repeat":"repeat","background-position":"center center","background-size":"auto","background-attachment":"scroll","background-type":"","background-media":"","overlay-type":"","overlay-color":"","overlay-opacity":"","overlay-gradient":""}}},"camp-tag":[],"camp-categories":[217],"camp-date":[274,273],"camp-activities":[156,178,183,227,159,180,226,160,231,194,233],"camp-location":[167],"camp-languages":[153,154],"type-of-camps":[152,151],"class_list":["post-1604","camps","type-camps","status-publish","has-post-thumbnail","hentry","camp-categories-summer-camps","camp-date-august-2026","camp-date-july-2026","camp-activities-adventures","camp-activities-art-film","camp-activities-golf","camp-activities-horse-riding","camp-activities-languages","camp-activities-robotics-programming","camp-activities-sailing","camp-activities-sports","camp-activities-tennis","camp-activities-theatre-music","camp-activities-water-sports","camp-location-versoix","camp-languages-english","camp-languages-french","type-of-camps-daily","type-of-camps-overnight"],"yoast_head":"<!-- This site is optimized with the Yoast SEO plugin v27.4 - https:\/\/yoast.com\/product\/yoast-seo-wordpress\/ -->\n<title>Coll\u00e8ge du L\u00e9man - Summer camps - Edelweiss Education<\/title>\n<meta name=\"description\" content=\"College du Leman&#039;s summer camps in Versoix, near Geneva, offer a vibrant blend of learning and adventure in a stunning lakeside setting. Designed for children and teens from across the globe, these camps combine language instruction with a wide range of activities including sports, arts, and cultural outings.\" \/>\n<meta name=\"robots\" content=\"index, follow, max-snippet:-1, max-image-preview:large, max-video-preview:-1\" \/>\n<link rel=\"canonical\" href=\"https:\/\/edelweiss-education.ch\/fr\/wp-json\/wp\/v2\/camps\/1604\" \/>\n<meta property=\"og:locale\" content=\"fr_FR\" \/>\n<meta property=\"og:type\" content=\"article\" \/>\n<meta property=\"og:title\" content=\"Coll\u00e8ge du L\u00e9man - Summer camps - Edelweiss Education\" \/>\n<meta property=\"og:description\" content=\"College du Leman&#039;s summer camps in Versoix, near Geneva, offer a vibrant blend of learning and adventure in a stunning lakeside setting. Designed for children and teens from across the globe, these camps combine language instruction with a wide range of activities including sports, arts, and cultural outings.\" \/>\n<meta property=\"og:url\" content=\"https:\/\/edelweiss-education.ch\/fr\/camps\/camp-dete-cdl\/\" \/>\n<meta property=\"og:site_name\" content=\"Edelweiss Education\" \/>\n<meta property=\"article:modified_time\" content=\"2026-04-07T07:08:24+00:00\" \/>\n<meta property=\"og:image\" content=\"https:\/\/edelweiss-education.ch\/wp-content\/uploads\/2023\/03\/College-Leman-Summer-Camp-005.jpg\" \/>\n\t<meta property=\"og:image:width\" content=\"800\" \/>\n\t<meta property=\"og:image:height\" content=\"400\" \/>\n\t<meta property=\"og:image:type\" content=\"image\/jpeg\" \/>\n<meta name=\"twitter:card\" content=\"summary_large_image\" \/>\n<meta name=\"twitter:label1\" content=\"Dur\u00e9e de lecture estim\u00e9e\" \/>\n\t<meta name=\"twitter:data1\" content=\"1 minute\" \/>\n<script type=\"application\/ld+json\" class=\"yoast-schema-graph\">{\"@context\":\"https:\\\/\\\/schema.org\",\"@graph\":[{\"@type\":\"WebPage\",\"@id\":\"https:\\\/\\\/edelweiss-education.ch\\\/camps\\\/cdl-summer-camp\\\/\",\"url\":\"https:\\\/\\\/edelweiss-education.ch\\\/camps\\\/cdl-summer-camp\\\/\",\"name\":\"Coll\u00e8ge du L\u00e9man - Summer camps - Edelweiss Education\",\"isPartOf\":{\"@id\":\"https:\\\/\\\/edelweiss-education.ch\\\/de\\\/#website\"},\"primaryImageOfPage\":{\"@id\":\"https:\\\/\\\/edelweiss-education.ch\\\/camps\\\/cdl-summer-camp\\\/#primaryimage\"},\"image\":{\"@id\":\"https:\\\/\\\/edelweiss-education.ch\\\/camps\\\/cdl-summer-camp\\\/#primaryimage\"},\"thumbnailUrl\":\"https:\\\/\\\/edelweiss-education.ch\\\/wp-content\\\/uploads\\\/2023\\\/03\\\/College-Leman-Summer-Camp-005.jpg\",\"datePublished\":\"2023-03-20T10:51:55+00:00\",\"dateModified\":\"2026-04-07T07:08:24+00:00\",\"description\":\"College du Leman's summer camps in Versoix, near Geneva, offer a vibrant blend of learning and adventure in a stunning lakeside setting. Designed for children and teens from across the globe, these camps combine language instruction with a wide range of activities including sports, arts, and cultural outings.\",\"breadcrumb\":{\"@id\":\"https:\\\/\\\/edelweiss-education.ch\\\/camps\\\/cdl-summer-camp\\\/#breadcrumb\"},\"inLanguage\":\"fr-FR\",\"potentialAction\":[{\"@type\":\"ReadAction\",\"target\":[\"https:\\\/\\\/edelweiss-education.ch\\\/camps\\\/cdl-summer-camp\\\/\"]}]},{\"@type\":\"ImageObject\",\"inLanguage\":\"fr-FR\",\"@id\":\"https:\\\/\\\/edelweiss-education.ch\\\/camps\\\/cdl-summer-camp\\\/#primaryimage\",\"url\":\"https:\\\/\\\/edelweiss-education.ch\\\/wp-content\\\/uploads\\\/2023\\\/03\\\/College-Leman-Summer-Camp-005.jpg\",\"contentUrl\":\"https:\\\/\\\/edelweiss-education.ch\\\/wp-content\\\/uploads\\\/2023\\\/03\\\/College-Leman-Summer-Camp-005.jpg\",\"width\":800,\"height\":400},{\"@type\":\"BreadcrumbList\",\"@id\":\"https:\\\/\\\/edelweiss-education.ch\\\/camps\\\/cdl-summer-camp\\\/#breadcrumb\",\"itemListElement\":[{\"@type\":\"ListItem\",\"position\":1,\"name\":\"Home\",\"item\":\"https:\\\/\\\/edelweiss-education.ch\\\/\"},{\"@type\":\"ListItem\",\"position\":2,\"name\":\"Camps\",\"item\":\"https:\\\/\\\/edelweiss-education.ch\\\/camps\\\/\"},{\"@type\":\"ListItem\",\"position\":3,\"name\":\"Coll\u00e8ge du L\u00e9man &#8211; Summer camps\"}]},{\"@type\":\"WebSite\",\"@id\":\"https:\\\/\\\/edelweiss-education.ch\\\/de\\\/#website\",\"url\":\"https:\\\/\\\/edelweiss-education.ch\\\/de\\\/\",\"name\":\"Edelweiss Education\",\"description\":\"Switzerland best schools\",\"publisher\":{\"@id\":\"https:\\\/\\\/edelweiss-education.ch\\\/de\\\/#organization\"},\"potentialAction\":[{\"@type\":\"SearchAction\",\"target\":{\"@type\":\"EntryPoint\",\"urlTemplate\":\"https:\\\/\\\/edelweiss-education.ch\\\/de\\\/?s={search_term_string}\"},\"query-input\":{\"@type\":\"PropertyValueSpecification\",\"valueRequired\":true,\"valueName\":\"search_term_string\"}}],\"inLanguage\":\"fr-FR\"},{\"@type\":\"Organization\",\"@id\":\"https:\\\/\\\/edelweiss-education.ch\\\/de\\\/#organization\",\"name\":\"Edelweiss Education\",\"url\":\"https:\\\/\\\/edelweiss-education.ch\\\/de\\\/\",\"logo\":{\"@type\":\"ImageObject\",\"inLanguage\":\"fr-FR\",\"@id\":\"https:\\\/\\\/edelweiss-education.ch\\\/de\\\/#\\\/schema\\\/logo\\\/image\\\/\",\"url\":\"https:\\\/\\\/edelweiss-education.ch\\\/wp-content\\\/uploads\\\/2023\\\/11\\\/cropped-logo-removebg-preview.png\",\"contentUrl\":\"https:\\\/\\\/edelweiss-education.ch\\\/wp-content\\\/uploads\\\/2023\\\/11\\\/cropped-logo-removebg-preview.png\",\"width\":500,\"height\":276,\"caption\":\"Edelweiss Education\"},\"image\":{\"@id\":\"https:\\\/\\\/edelweiss-education.ch\\\/de\\\/#\\\/schema\\\/logo\\\/image\\\/\"}}]}<\/script>\n<!-- \/ Yoast SEO plugin. -->","yoast_head_json":{"title":"Coll\u00e8ge du L\u00e9man - Camps d'\u00e9t\u00e9 - Edelweiss Education","description":"Les camps d'\u00e9t\u00e9 du Coll\u00e8ge du L\u00e9man \u00e0 Versoix, pr\u00e8s de Gen\u00e8ve, offrent un m\u00e9lange vibrant d'apprentissage et d'aventure dans un cadre magnifique au bord du lac. Con\u00e7us pour des enfants et des adolescents du monde entier, ces camps combinent l'enseignement des langues avec un large \u00e9ventail d'activit\u00e9s telles que le sport, les arts et les sorties culturelles.","robots":{"index":"index","follow":"follow","max-snippet":"max-snippet:-1","max-image-preview":"max-image-preview:large","max-video-preview":"max-video-preview:-1"},"canonical":"https:\/\/edelweiss-education.ch\/fr\/wp-json\/wp\/v2\/camps\/1604","og_locale":"fr_FR","og_type":"article","og_title":"Coll\u00e8ge du L\u00e9man - Summer camps - Edelweiss Education","og_description":"College du Leman's summer camps in Versoix, near Geneva, offer a vibrant blend of learning and adventure in a stunning lakeside setting. Designed for children and teens from across the globe, these camps combine language instruction with a wide range of activities including sports, arts, and cultural outings.","og_url":"https:\/\/edelweiss-education.ch\/fr\/camps\/camp-dete-cdl\/","og_site_name":"Edelweiss Education","article_modified_time":"2026-04-07T07:08:24+00:00","og_image":[{"width":800,"height":400,"url":"https:\/\/edelweiss-education.ch\/wp-content\/uploads\/2023\/03\/College-Leman-Summer-Camp-005.jpg","type":"image\/jpeg"}],"twitter_card":"summary_large_image","twitter_misc":{"Dur\u00e9e de lecture estim\u00e9e":"1 minute"},"schema":{"@context":"https:\/\/schema.org","@graph":[{"@type":"WebPage","@id":"https:\/\/edelweiss-education.ch\/camps\/cdl-summer-camp\/","url":"https:\/\/edelweiss-education.ch\/camps\/cdl-summer-camp\/","name":"Coll\u00e8ge du L\u00e9man - Camps d'\u00e9t\u00e9 - Edelweiss Education","isPartOf":{"@id":"https:\/\/edelweiss-education.ch\/de\/#website"},"primaryImageOfPage":{"@id":"https:\/\/edelweiss-education.ch\/camps\/cdl-summer-camp\/#primaryimage"},"image":{"@id":"https:\/\/edelweiss-education.ch\/camps\/cdl-summer-camp\/#primaryimage"},"thumbnailUrl":"https:\/\/edelweiss-education.ch\/wp-content\/uploads\/2023\/03\/College-Leman-Summer-Camp-005.jpg","datePublished":"2023-03-20T10:51:55+00:00","dateModified":"2026-04-07T07:08:24+00:00","description":"Les camps d'\u00e9t\u00e9 du Coll\u00e8ge du L\u00e9man \u00e0 Versoix, pr\u00e8s de Gen\u00e8ve, offrent un m\u00e9lange vibrant d'apprentissage et d'aventure dans un cadre magnifique au bord du lac. Con\u00e7us pour des enfants et des adolescents du monde entier, ces camps combinent l'enseignement des langues avec un large \u00e9ventail d'activit\u00e9s telles que le sport, les arts et les sorties culturelles.","breadcrumb":{"@id":"https:\/\/edelweiss-education.ch\/camps\/cdl-summer-camp\/#breadcrumb"},"inLanguage":"fr-FR","potentialAction":[{"@type":"ReadAction","target":["https:\/\/edelweiss-education.ch\/camps\/cdl-summer-camp\/"]}]},{"@type":"ImageObject","inLanguage":"fr-FR","@id":"https:\/\/edelweiss-education.ch\/camps\/cdl-summer-camp\/#primaryimage","url":"https:\/\/edelweiss-education.ch\/wp-content\/uploads\/2023\/03\/College-Leman-Summer-Camp-005.jpg","contentUrl":"https:\/\/edelweiss-education.ch\/wp-content\/uploads\/2023\/03\/College-Leman-Summer-Camp-005.jpg","width":800,"height":400},{"@type":"BreadcrumbList","@id":"https:\/\/edelweiss-education.ch\/camps\/cdl-summer-camp\/#breadcrumb","itemListElement":[{"@type":"ListItem","position":1,"name":"Home","item":"https:\/\/edelweiss-education.ch\/"},{"@type":"ListItem","position":2,"name":"Camps","item":"https:\/\/edelweiss-education.ch\/camps\/"},{"@type":"ListItem","position":3,"name":"Coll\u00e8ge du L\u00e9man &#8211; Summer camps"}]},{"@type":"WebSite","@id":"https:\/\/edelweiss-education.ch\/de\/#website","url":"https:\/\/edelweiss-education.ch\/de\/","name":"Edelweiss Education","description":"Les meilleures \u00e9coles de Suisse","publisher":{"@id":"https:\/\/edelweiss-education.ch\/de\/#organization"},"potentialAction":[{"@type":"SearchAction","target":{"@type":"EntryPoint","urlTemplate":"https:\/\/edelweiss-education.ch\/de\/?s={search_term_string}"},"query-input":{"@type":"PropertyValueSpecification","valueRequired":true,"valueName":"search_term_string"}}],"inLanguage":"fr-FR"},{"@type":"Organization","@id":"https:\/\/edelweiss-education.ch\/de\/#organization","name":"Edelweiss Education","url":"https:\/\/edelweiss-education.ch\/de\/","logo":{"@type":"ImageObject","inLanguage":"fr-FR","@id":"https:\/\/edelweiss-education.ch\/de\/#\/schema\/logo\/image\/","url":"https:\/\/edelweiss-education.ch\/wp-content\/uploads\/2023\/11\/cropped-logo-removebg-preview.png","contentUrl":"https:\/\/edelweiss-education.ch\/wp-content\/uploads\/2023\/11\/cropped-logo-removebg-preview.png","width":500,"height":276,"caption":"Edelweiss Education"},"image":{"@id":"https:\/\/edelweiss-education.ch\/de\/#\/schema\/logo\/image\/"}}]}},"_links":{"self":[{"href":"https:\/\/edelweiss-education.ch\/fr\/wp-json\/wp\/v2\/camps\/1604","targetHints":{"allow":["GET"]}}],"collection":[{"href":"https:\/\/edelweiss-education.ch\/fr\/wp-json\/wp\/v2\/camps"}],"about":[{"href":"https:\/\/edelweiss-education.ch\/fr\/wp-json\/wp\/v2\/types\/camps"}],"version-history":[{"count":4,"href":"https:\/\/edelweiss-education.ch\/fr\/wp-json\/wp\/v2\/camps\/1604\/revisions"}],"predecessor-version":[{"id":3007,"href":"https:\/\/edelweiss-education.ch\/fr\/wp-json\/wp\/v2\/camps\/1604\/revisions\/3007"}],"wp:featuredmedia":[{"embeddable":true,"href":"https:\/\/edelweiss-education.ch\/fr\/wp-json\/wp\/v2\/media\/1605"}],"wp:attachment":[{"href":"https:\/\/edelweiss-education.ch\/fr\/wp-json\/wp\/v2\/media?parent=1604"}],"wp:term":[{"taxonomy":"camp-tag","embeddable":true,"href":"https:\/\/edelweiss-education.ch\/fr\/wp-json\/wp\/v2\/camp-tag?post=1604"},{"taxonomy":"camp-categories","embeddable":true,"href":"https:\/\/edelweiss-education.ch\/fr\/wp-json\/wp\/v2\/camp-categories?post=1604"},{"taxonomy":"camp-date","embeddable":true,"href":"https:\/\/edelweiss-education.ch\/fr\/wp-json\/wp\/v2\/camp-date?post=1604"},{"taxonomy":"camp-activities","embeddable":true,"href":"https:\/\/edelweiss-education.ch\/fr\/wp-json\/wp\/v2\/camp-activities?post=1604"},{"taxonomy":"camp-location","embeddable":true,"href":"https:\/\/edelweiss-education.ch\/fr\/wp-json\/wp\/v2\/camp-location?post=1604"},{"taxonomy":"camp-languages","embeddable":true,"href":"https:\/\/edelweiss-education.ch\/fr\/wp-json\/wp\/v2\/camp-languages?post=1604"},{"taxonomy":"type-of-camps","embeddable":true,"href":"https:\/\/edelweiss-education.ch\/fr\/wp-json\/wp\/v2\/type-of-camps?post=1604"}],"curies":[{"name":"wp","href":"https:\/\/api.w.org\/{rel}","templated":true}]}}